{"id":646,"date":"2023-03-20T09:28:21","date_gmt":"2023-03-20T08:28:21","guid":{"rendered":"https:\/\/pcm-pro.fr\/casa\/"},"modified":"2025-01-15T21:22:59","modified_gmt":"2025-01-15T20:22:59","slug":"casa","status":"publish","type":"page","link":"https:\/\/pcm-pro.fr\/pt-pt\/","title":{"rendered":"Casa"},"content":{"rendered":"<p>[et_pb_section fb_built=&#8221;1&#8243; fullwidth=&#8221;on&#8221; _builder_version=&#8221;4.25.1&#8243; _module_preset=&#8221;default&#8221; global_colors_info=&#8221;{}&#8221;][et_pb_fullwidth_slider _builder_version=&#8221;4.25.1&#8243; _module_preset=&#8221;default&#8221; header_level=&#8221;h1&#8243; header_font=&#8221;|700||on|||||&#8221; header_font_size=&#8221;30px&#8221; body_font=&#8221;|600|||||||&#8221; body_text_color=&#8221;#FFFFFF&#8221; body_font_size=&#8221;16px&#8221; body_line_height=&#8221;1.6em&#8221; content_max_width=&#8221;747px&#8221; custom_padding=&#8221;200px||200px||true|false&#8221; custom_padding_tablet=&#8221;200px||200px||true|false&#8221; custom_padding_phone=&#8221;100px||100px||true|false&#8221; custom_padding_last_edited=&#8221;on|phone&#8221; auto=&#8221;on&#8221; auto_speed=&#8221;5000&#8243; header_font_size_tablet=&#8221;30px&#8221; header_font_size_phone=&#8221;21px&#8221; header_font_size_last_edited=&#8221;on|phone&#8221; body_font_size_tablet=&#8221;16px&#8221; body_font_size_phone=&#8221;14px&#8221; body_font_size_last_edited=&#8221;on|phone&#8221; body_line_height_tablet=&#8221;1.6em&#8221; body_line_height_phone=&#8221;1.4em&#8221; body_line_height_last_edited=&#8221;on|phone&#8221; custom_css_slide_description=&#8221;text-shadow:none;||animation:none;||&#8221; custom_css_slide_title=&#8221;margin-bottom:10px;&#8221; global_colors_info=&#8221;{}&#8221;][et_pb_slide heading=&#8221;Conce\u00e7\u00e3o e fabrico de cozinhas em a\u00e7o inoxid\u00e1vel por medida&#8221; _builder_version=&#8221;4.25.1&#8243; _module_preset=&#8221;default&#8221; header_level=&#8221;h1&#8243; header_line_height=&#8221;1.3em&#8221; background_enable_color=&#8221;off&#8221; use_background_color_gradient=&#8221;on&#8221; background_color_gradient_type=&#8221;elliptical&#8221; background_color_gradient_stops=&#8221;rgba(23,48,84,0.69) 0%|rgba(23,48,84,0.16) 99%&#8221; background_color_gradient_overlays_image=&#8221;on&#8221; background_image=&#8221;https:\/\/pcm-pro.fr\/wp-content\/uploads\/2024\/12\/slide3.jpg&#8221; background_enable_image=&#8221;on&#8221; background_last_edited=&#8221;on|phone&#8221; background_image_phone=&#8221;https:\/\/pcm-pro.fr\/wp-content\/uploads\/2024\/12\/slide1mobile.jpg&#8221; background_enable_image_phone=&#8221;on&#8221; global_colors_info=&#8221;{}&#8221; sticky_transition=&#8221;on&#8221;]<\/p>\n<p>Utilizado em navios de guerra, navios mercantes, plataformas petrol\u00edferas, barcos \u00e0 vela, iates e cozinhas de contentores.<\/p>\n<p>[\/et_pb_slide][et_pb_slide heading=&#8221;Conce\u00e7\u00e3o e fabrico de cozinhas em a\u00e7o inoxid\u00e1vel por medida&#8221; _builder_version=&#8221;4.25.1&#8243; _module_preset=&#8221;default&#8221; header_level=&#8221;h1&#8243; header_line_height=&#8221;1.3em&#8221; use_background_color_gradient=&#8221;on&#8221; background_color_gradient_stops=&#8221;rgba(23,48,84,0.79) 0%|rgba(23,48,84,0.44) 97%&#8221; background_color_gradient_overlays_image=&#8221;on&#8221; background_image=&#8221;https:\/\/pcm-pro.fr\/wp-content\/uploads\/2024\/12\/slide2.jpg&#8221; background_enable_image=&#8221;on&#8221; background_last_edited=&#8221;on|phone&#8221; use_background_color_gradient_phone=&#8221;on&#8221; background_color_gradient_stops_phone=&#8221;rgba(23,48,84,0.79) 0%|rgba(23,48,84,0.62) 96%&#8221; background_image_phone=&#8221;https:\/\/pcm-pro.fr\/wp-content\/uploads\/2024\/12\/slide2mobile.jpg&#8221; background_enable_image_phone=&#8221;on&#8221; global_colors_info=&#8221;{}&#8221; sticky_transition=&#8221;on&#8221;]<\/p>\n<p>Utilizado em navios de guerra, navios mercantes, plataformas petrol\u00edferas, barcos \u00e0 vela, iates e cozinhas de contentores.<\/p>\n<p>[\/et_pb_slide][\/et_pb_fullwidth_slider][\/et_pb_section][et_pb_section fb_built=&#8221;1&#8243; admin_label=&#8221;section&#8221; _builder_version=&#8221;4.25.1&#8243; custom_padding=&#8221;95px||||false|false&#8221; global_colors_info=&#8221;{}&#8221;][et_pb_row column_structure=&#8221;1_3,1_3,1_3&#8243; admin_label=&#8221;rema&#8221; _builder_version=&#8221;4.25.1&#8243; background_size=&#8221;initial&#8221; background_position=&#8221;top_left&#8221; background_repeat=&#8221;repeat&#8221; width=&#8221;90%&#8221; custom_padding=&#8221;||6px|||&#8221; global_colors_info=&#8221;{}&#8221;][et_pb_column type=&#8221;1_3&#8243; _builder_version=&#8221;4.25.1&#8243; custom_padding=&#8221;||50px||false|false&#8221; pac_dcm_carousel_specific_module_num=&#8221;0&#8243; global_colors_info=&#8221;{}&#8221; custom_padding__hover=&#8221;|||&#8221;][et_pb_blurb title=&#8221;Estudo de projeto&#8221; image=&#8221;https:\/\/pcm-pro.fr\/wp-content\/uploads\/2024\/12\/etude.jpg&#8221; _builder_version=&#8221;4.27.4&#8243; _module_preset=&#8221;default&#8221; header_level=&#8221;h2&#8243; header_font=&#8221;|600|||||||&#8221; header_font_size=&#8221;21px&#8221; custom_padding=&#8221;|20px|20px|20px|false|true&#8221; hover_enabled=&#8221;0&#8243; custom_css_blurb_image=&#8221;margin-top:-30px&#8221; border_width_all=&#8221;1px&#8221; border_color_all=&#8221;#173054&#8243; global_colors_info=&#8221;{}&#8221; sticky_enabled=&#8221;0&#8243;]<\/p>\n<p>A PCM-PRO efectua todos os estudos preparat\u00f3rios internamente, utilizando software 3D e Autocad&#8230;<\/p>\n<p style=\"text-align: right;\"><a href=\"https:\/\/pcm-pro.fr\/pt-pt\/criar-uma-cozinha-num-navio\/\"><strong>L\u00ea mais<\/strong><\/a><\/p>\n<p>[\/et_pb_blurb][\/et_pb_column][et_pb_column type=&#8221;1_3&#8243; _builder_version=&#8221;4.16&#8243; custom_padding=&#8221;||50px||false|false&#8221; pac_dcm_carousel_specific_module_num=&#8221;0&#8243; global_colors_info=&#8221;{}&#8221; custom_padding__hover=&#8221;|||&#8221;][et_pb_blurb title=&#8221;Remodela\u00e7\u00e3o da cozinha do iate&#8221; image=&#8221;https:\/\/pcm-pro.fr\/wp-content\/uploads\/2024\/12\/yacht-miniat.jpg&#8221; _builder_version=&#8221;4.27.4&#8243; _module_preset=&#8221;default&#8221; header_level=&#8221;h2&#8243; header_font=&#8221;|600|||||||&#8221; header_font_size=&#8221;21px&#8221; custom_padding=&#8221;|20px|20px|20px|false|true&#8221; hover_enabled=&#8221;0&#8243; custom_css_blurb_image=&#8221;margin-top:-30px&#8221; border_width_all=&#8221;1px&#8221; border_color_all=&#8221;#173054&#8243; global_colors_info=&#8221;{}&#8221; sticky_enabled=&#8221;0&#8243;]<\/p>\n<p>O nosso gabinete de estudos est\u00e1 a repensar o espa\u00e7o da cozinha dos barcos de recreio: novo design, equipamento adaptado, divis\u00f3rias, arruma\u00e7\u00e3o&#8230;<\/p>\n<p style=\"text-align: right;\"><a href=\"https:\/\/pcm-pro.fr\/pt-pt\/criacao-de-cozinhas-para-iates\/\"><strong>L\u00ea mais<\/strong><\/a><\/p>\n<p>[\/et_pb_blurb][\/et_pb_column][et_pb_column type=&#8221;1_3&#8243; _builder_version=&#8221;4.16&#8243; custom_padding=&#8221;|||&#8221; pac_dcm_carousel_specific_module_num=&#8221;0&#8243; global_colors_info=&#8221;{}&#8221; custom_padding__hover=&#8221;|||&#8221;][et_pb_blurb title=&#8221;Design de contentores de cozinha&#8221; image=&#8221;https:\/\/pcm-pro.fr\/wp-content\/uploads\/2024\/12\/container-miniat.jpg&#8221; _builder_version=&#8221;4.27.4&#8243; _module_preset=&#8221;default&#8221; header_level=&#8221;h2&#8243; header_font=&#8221;|600|||||||&#8221; header_font_size=&#8221;21px&#8221; custom_padding=&#8221;|20px|20px|20px|false|true&#8221; hover_enabled=&#8221;0&#8243; custom_css_blurb_image=&#8221;margin-top:-30px&#8221; border_width_all=&#8221;1px&#8221; border_color_all=&#8221;#173054&#8243; global_colors_info=&#8221;{}&#8221; sticky_enabled=&#8221;0&#8243;]<\/p>\n<p>A nossa empresa tamb\u00e9m fabrica cozinhas e c\u00e2maras frigor\u00edficas por medida em contentores mar\u00edtimos.<\/p>\n<p style=\"text-align: right;\"><a href=\"https:\/\/pcm-pro.fr\/pt-pt\/criacao-de-cozinhas-em-contentores-maritimos\/\"><strong>L\u00ea mais<\/strong><\/a><\/p>\n<p>[\/et_pb_blurb][\/et_pb_column][\/et_pb_row][\/et_pb_section][et_pb_section fb_built=&#8221;1&#8243; custom_padding_last_edited=&#8221;on|phone&#8221; admin_label=&#8221;section&#8221; _builder_version=&#8221;4.25.1&#8243; background_enable_color=&#8221;off&#8221; use_background_color_gradient=&#8221;on&#8221; background_color_gradient_direction=&#8221;90deg&#8221; background_color_gradient_stops=&#8221;rgba(255,255,255,0) 41%|#ffffff 41%&#8221; background_color_gradient_overlays_image=&#8221;on&#8221; background_image=&#8221;https:\/\/pcm-pro.fr\/wp-content\/uploads\/2024\/12\/fond-ocean1.jpg&#8221; parallax=&#8221;on&#8221; custom_padding=&#8221;95px||||false|false&#8221; custom_padding_tablet=&#8221;95px||||false|false&#8221; custom_padding_phone=&#8221;29px||||false|false&#8221; background_last_edited=&#8221;on|tablet&#8221; use_background_color_gradient_tablet=&#8221;on&#8221; use_background_color_gradient_phone=&#8221;on&#8221; background_color_gradient_direction_tablet=&#8221;180deg&#8221; background_color_gradient_stops_tablet=&#8221;#173054 36%|rgba(255,255,255,0) 36%&#8221; background_color_gradient_stops_phone=&#8221;#173054 24%|rgba(255,255,255,0) 24%&#8221; background_color_gradient_overlays_image_tablet=&#8221;off&#8221; background_enable_image_tablet=&#8221;off&#8221; global_colors_info=&#8221;{}&#8221;][et_pb_row column_structure=&#8221;3_5,2_5&#8243; make_equal=&#8221;on&#8221; admin_label=&#8221;rema&#8221; _builder_version=&#8221;4.25.1&#8243; background_size=&#8221;initial&#8221; background_position=&#8221;top_left&#8221; background_repeat=&#8221;repeat&#8221; width=&#8221;90%&#8221; global_colors_info=&#8221;{}&#8221;][et_pb_column type=&#8221;3_5&#8243; _builder_version=&#8221;4.16&#8243; custom_padding=&#8221;|||&#8221; pac_dcm_carousel_specific_module_num=&#8221;0&#8243; global_colors_info=&#8221;{}&#8221; custom_padding__hover=&#8221;|||&#8221;][et_pb_image src=&#8221;https:\/\/pcm-pro.fr\/wp-content\/uploads\/2024\/12\/decoupe-lazer.jpg&#8221; alt=&#8221;PCM PRO&#8221; force_fullwidth=&#8221;on&#8221; _builder_version=&#8221;4.25.1&#8243; _module_preset=&#8221;default&#8221; border_width_all=&#8221;10px&#8221; border_color_all=&#8221;#FFFFFF&#8221; global_colors_info=&#8221;{}&#8221;][\/et_pb_image][\/et_pb_column][et_pb_column type=&#8221;2_5&#8243; _builder_version=&#8221;4.25.1&#8243; custom_padding=&#8221;|||&#8221; custom_css_main_element=&#8221;margin:auto;&#8221; pac_dcm_carousel_specific_module_num=&#8221;0&#8243; global_colors_info=&#8221;{}&#8221; custom_padding__hover=&#8221;|||&#8221;][et_pb_text admin_label=&#8221;Text&#8221; _builder_version=&#8221;4.25.1&#8243; header_2_font=&#8221;|700|||||||&#8221; header_2_text_align=&#8221;left&#8221; header_2_line_height=&#8221;1.2em&#8221; background_size=&#8221;initial&#8221; background_position=&#8221;top_left&#8221; background_repeat=&#8221;repeat&#8221; max_width=&#8221;431px&#8221; custom_margin=&#8221;||25px|||&#8221; global_colors_info=&#8221;{}&#8221;]<\/p>\n<h2>PCM, especialistas na conce\u00e7\u00e3o de cozinhas de navios desde 2013<\/h2>\n<\/p>\n<p>[\/et_pb_text][et_pb_text _builder_version=&#8221;4.25.1&#8243; _module_preset=&#8221;default&#8221; global_colors_info=&#8221;{}&#8221;]<\/p>\n<p>Especialistas em cozinhas mar\u00edtimas profissionais, realiz\u00e1mos uma vasta gama de projectos complexos, <strong>desde a conce\u00e7\u00e3o \u00e0 medida at\u00e9 \u00e0 remodela\u00e7\u00e3o completa<\/strong>, numa vasta gama de navios militares, mercantes e de recreio.<\/p>\n<p>A nossa experi\u00eancia abrange a instala\u00e7\u00e3o e a renova\u00e7\u00e3o de<strong>equipamentos de cozinha<\/strong> e <strong>de refrigera\u00e7\u00e3o<\/strong>, bem como o fabrico de <strong>estruturas em a\u00e7o inoxid\u00e1vel altamente t\u00e9cnicas.<\/strong><\/p>\n<p>[\/et_pb_text][et_pb_button button_url=&#8221;https:\/\/pcm-pro.fr\/pt-pt\/criar-uma-cozinha-num-navio\/&#8221; button_text=&#8221;O nosso gabinete de estudos&#8221; _builder_version=&#8221;4.27.4&#8243; _module_preset=&#8221;default&#8221; hover_enabled=&#8221;0&#8243; global_colors_info=&#8221;{}&#8221; sticky_enabled=&#8221;0&#8243;][\/et_pb_button][\/et_pb_column][\/et_pb_row][\/et_pb_section][et_pb_section fb_built=&#8221;1&#8243; _builder_version=&#8221;4.25.1&#8243; _module_preset=&#8221;default&#8221; global_colors_info=&#8221;{}&#8221;][et_pb_row admin_label=&#8221;rema&#8221; _builder_version=&#8221;4.25.1&#8243; background_size=&#8221;initial&#8221; background_position=&#8221;top_left&#8221; background_repeat=&#8221;repeat&#8221; width=&#8221;90%&#8221; global_colors_info=&#8221;{}&#8221;][et_pb_column type=&#8221;4_4&#8243; _builder_version=&#8221;4.16&#8243; custom_padding=&#8221;|||&#8221; pac_dcm_carousel_specific_module_num=&#8221;0&#8243; global_colors_info=&#8221;{}&#8221; custom_padding__hover=&#8221;|||&#8221;][et_pb_text admin_label=&#8221;Text&#8221; _builder_version=&#8221;4.25.1&#8243; header_2_font=&#8221;|700||on|||||&#8221; header_2_text_align=&#8221;center&#8221; background_size=&#8221;initial&#8221; background_position=&#8221;top_left&#8221; background_repeat=&#8221;repeat&#8221; global_colors_info=&#8221;{}&#8221;]<\/p>\n<h2>Porqu\u00ea escolher-nos<\/h2>\n<\/p>\n<p>[\/et_pb_text][\/et_pb_column][\/et_pb_row][et_pb_row column_structure=&#8221;1_5,1_5,1_5,1_5,1_5&#8243; use_custom_gutter=&#8221;on&#8221; gutter_width=&#8221;2&#8243; _builder_version=&#8221;4.25.1&#8243; _module_preset=&#8221;default&#8221; width_tablet=&#8221;90%&#8221; width_phone=&#8221;90%&#8221; width_last_edited=&#8221;on|tablet&#8221; global_colors_info=&#8221;{}&#8221;][et_pb_column type=&#8221;1_5&#8243; _builder_version=&#8221;4.25.1&#8243; _module_preset=&#8221;default&#8221; pac_dcm_carousel_specific_module_num=&#8221;0&#8243; global_colors_info=&#8221;{}&#8221;][et_pb_blurb title=&#8221;Experi\u00eancia s\u00f3lida e reputa\u00e7\u00e3o reconhecida&#8221; use_icon=&#8221;on&#8221; font_icon=&#8221;&#xf00c;||fa||900&#8243; image_icon_width=&#8221;33px&#8221; icon_alignment=&#8221;left&#8221; _builder_version=&#8221;4.25.1&#8243; _module_preset=&#8221;default&#8221; header_level=&#8221;h3&#8243; header_font=&#8221;|600|||||||&#8221; header_text_align=&#8221;left&#8221; header_font_size=&#8221;17px&#8221; header_line_height=&#8221;1.2em&#8221; body_text_align=&#8221;left&#8221; body_line_height=&#8221;1.4em&#8221; custom_css_blurb_image=&#8221;margin-bottom:20px;&#8221; global_colors_info=&#8221;{}&#8221;]<\/p>\n<p>Experi\u00eancia comprovada que se destaca da concorr\u00eancia.<\/p>\n<p>[\/et_pb_blurb][\/et_pb_column][et_pb_column type=&#8221;1_5&#8243; _builder_version=&#8221;4.25.1&#8243; _module_preset=&#8221;default&#8221; pac_dcm_carousel_specific_module_num=&#8221;0&#8243; global_colors_info=&#8221;{}&#8221;][et_pb_blurb title=&#8221;Adaptabilidade e desempenho&#8221; use_icon=&#8221;on&#8221; font_icon=&#8221;&#xf00c;||fa||900&#8243; image_icon_width=&#8221;33px&#8221; icon_alignment=&#8221;left&#8221; _builder_version=&#8221;4.25.1&#8243; _module_preset=&#8221;default&#8221; header_level=&#8221;h3&#8243; header_font=&#8221;|600|||||||&#8221; header_text_align=&#8221;left&#8221; header_font_size=&#8221;17px&#8221; header_line_height=&#8221;1.2em&#8221; body_text_align=&#8221;left&#8221; body_line_height=&#8221;1.4em&#8221; custom_css_blurb_image=&#8221;margin-bottom:20px;&#8221; global_colors_info=&#8221;{}&#8221;]<\/p>\n<p>Capacidade de adapta\u00e7\u00e3o aos desafios t\u00e9cnicos e de obten\u00e7\u00e3o de resultados convincentes.<\/p>\n<p>[\/et_pb_blurb][\/et_pb_column][et_pb_column type=&#8221;1_5&#8243; _builder_version=&#8221;4.25.1&#8243; _module_preset=&#8221;default&#8221; pac_dcm_carousel_specific_module_num=&#8221;0&#8243; global_colors_info=&#8221;{}&#8221;][et_pb_blurb title=&#8221;Evolu\u00e7\u00e3o e inova\u00e7\u00e3o constantes&#8221; use_icon=&#8221;on&#8221; font_icon=&#8221;&#xf00c;||fa||900&#8243; image_icon_width=&#8221;33px&#8221; icon_alignment=&#8221;left&#8221; _builder_version=&#8221;4.25.1&#8243; _module_preset=&#8221;default&#8221; header_level=&#8221;h3&#8243; header_font=&#8221;|600|||||||&#8221; header_text_align=&#8221;left&#8221; header_font_size=&#8221;17px&#8221; header_line_height=&#8221;1.2em&#8221; body_text_align=&#8221;left&#8221; body_line_height=&#8221;1.4em&#8221; custom_css_blurb_image=&#8221;margin-bottom:20px;&#8221; global_colors_info=&#8221;{}&#8221;]<\/p>\n<p>Desejo de continuar a progredir tecnicamente e de responder \u00e0s exig\u00eancias do sector.<\/p>\n<p>[\/et_pb_blurb][\/et_pb_column][et_pb_column type=&#8221;1_5&#8243; _builder_version=&#8221;4.25.1&#8243; _module_preset=&#8221;default&#8221; pac_dcm_carousel_specific_module_num=&#8221;0&#8243; global_colors_info=&#8221;{}&#8221;][et_pb_blurb title=&#8221;Proximidade do cliente e valores humanos&#8221; use_icon=&#8221;on&#8221; font_icon=&#8221;&#xf00c;||fa||900&#8243; image_icon_width=&#8221;33px&#8221; icon_alignment=&#8221;left&#8221; _builder_version=&#8221;4.25.1&#8243; _module_preset=&#8221;default&#8221; header_level=&#8221;h3&#8243; header_font=&#8221;|600|||||||&#8221; header_text_align=&#8221;left&#8221; header_font_size=&#8221;17px&#8221; header_line_height=&#8221;1.2em&#8221; body_text_align=&#8221;left&#8221; body_line_height=&#8221;1.4em&#8221; custom_css_blurb_image=&#8221;margin-bottom:20px;&#8221; global_colors_info=&#8221;{}&#8221;]<\/p>\n<p>Compreende as necessidades, escuta e constr\u00f3i rela\u00e7\u00f5es de confian\u00e7a.<\/p>\n<p>[\/et_pb_blurb][\/et_pb_column][et_pb_column type=&#8221;1_5&#8243; _builder_version=&#8221;4.25.1&#8243; _module_preset=&#8221;default&#8221; pac_dcm_carousel_specific_module_num=&#8221;0&#8243; global_colors_info=&#8221;{}&#8221;][et_pb_blurb title=&#8221;Fiabilidade e capacidade de resposta&#8221; use_icon=&#8221;on&#8221; font_icon=&#8221;&#xf00c;||fa||900&#8243; image_icon_width=&#8221;33px&#8221; icon_alignment=&#8221;left&#8221; _builder_version=&#8221;4.25.1&#8243; _module_preset=&#8221;default&#8221; header_level=&#8221;h3&#8243; header_font=&#8221;|600|||||||&#8221; header_text_align=&#8221;left&#8221; header_font_size=&#8221;17px&#8221; header_line_height=&#8221;1.2em&#8221; body_text_align=&#8221;left&#8221; body_line_height=&#8221;1.4em&#8221; custom_css_blurb_image=&#8221;margin-bottom:20px;&#8221; global_colors_info=&#8221;{}&#8221;]<\/p>\n<p>Respeito pelos prazos, rapidez de resposta e forma\u00e7\u00e3o interna para garantir a excel\u00eancia.<\/p>\n<p>[\/et_pb_blurb][\/et_pb_column][\/et_pb_row][et_pb_row _builder_version=&#8221;4.27.4&#8243; _module_preset=&#8221;default&#8221; global_colors_info=&#8221;{}&#8221;][et_pb_column type=&#8221;4_4&#8243; _builder_version=&#8221;4.27.4&#8243; _module_preset=&#8221;default&#8221; pac_dcm_carousel_specific_module_num=&#8221;0&#8243; global_colors_info=&#8221;{}&#8221;][et_pb_button button_url=&#8221;https:\/\/pcm-pro.fr\/pt-pt\/fabricante-cozinhas-maritimas-profissionais\/&#8221; button_text=&#8221;Sobre a PCM&#8221; button_alignment=&#8221;center&#8221; _builder_version=&#8221;4.27.4&#8243; _module_preset=&#8221;default&#8221; hover_enabled=&#8221;0&#8243; global_colors_info=&#8221;{}&#8221; sticky_enabled=&#8221;0&#8243;][\/et_pb_button][\/et_pb_column][\/et_pb_row][\/et_pb_section][et_pb_section fb_built=&#8221;1&#8243; admin_label=&#8221;section&#8221; _builder_version=&#8221;4.16&#8243; global_colors_info=&#8221;{}&#8221;][et_pb_row admin_label=&#8221;rema&#8221; _builder_version=&#8221;4.25.1&#8243; background_size=&#8221;initial&#8221; background_position=&#8221;top_left&#8221; background_repeat=&#8221;repeat&#8221; width=&#8221;90%&#8221; custom_padding=&#8221;||10px|||&#8221; global_colors_info=&#8221;{}&#8221;][et_pb_column type=&#8221;4_4&#8243; _builder_version=&#8221;4.16&#8243; custom_padding=&#8221;|||&#8221; pac_dcm_carousel_specific_module_num=&#8221;0&#8243; global_colors_info=&#8221;{}&#8221; custom_padding__hover=&#8221;|||&#8221;][et_pb_text admin_label=&#8221;Text&#8221; _builder_version=&#8221;4.25.1&#8243; header_2_font=&#8221;|700||on|||||&#8221; header_2_text_align=&#8221;center&#8221; background_size=&#8221;initial&#8221; background_position=&#8221;top_left&#8221; background_repeat=&#8221;repeat&#8221; global_colors_info=&#8221;{}&#8221;]<\/p>\n<h2>Forma\u00e7\u00e3o, autoriza\u00e7\u00e3o e verifica\u00e7\u00e3o<\/h2>\n<\/p>\n<p>[\/et_pb_text][\/et_pb_column][\/et_pb_row][et_pb_row _builder_version=&#8221;4.27.4&#8243; _module_preset=&#8221;default&#8221; global_colors_info=&#8221;{}&#8221;][et_pb_column type=&#8221;4_4&#8243; _builder_version=&#8221;4.27.4&#8243; _module_preset=&#8221;default&#8221; pac_dcm_is_carousel=&#8221;on&#8221; pac_dcm_carousel_row_items_vertical_allign=&#8221;bottom&#8221; pac_dcm_carousel_specific_module_num=&#8221;0&#8243; pac_dcm_carousel_navigation_arrows_background_color=&#8221;RGBA(255,255,255,0)&#8221; pac_dcm_carousel_navigation_arrows_color=&#8221;#173054&#8243; pac_dcm_carousel_navigation_prev_icon=&#8221;&#x34;||divi||400&#8243; pac_dcm_carousel_navigation_next_icon=&#8221;&#x35;||divi||400&#8243; pac_dcm_carousel_navigation_dots=&#8221;off&#8221; global_colors_info=&#8221;{}&#8221; pac_dcm_carousel_row_items_last_edited=&#8221;on|desktop&#8221;][et_pb_blurb image=&#8221;https:\/\/pcm-pro.fr\/wp-content\/uploads\/2024\/12\/is-groupe.jpg&#8221; alt=&#8221;socotec&#8221; _builder_version=&#8221;4.25.1&#8243; _module_preset=&#8221;default&#8221; body_font=&#8221;||||||||&#8221; body_text_align=&#8221;center&#8221; body_line_height=&#8221;1.3em&#8221; max_width=&#8221;250px&#8221; module_alignment=&#8221;center&#8221; global_colors_info=&#8221;{}&#8221;]<\/p>\n<p>Qualifica\u00e7\u00e3o de soldadura <strong>TIG e MIG<\/strong><\/p>\n<p>[\/et_pb_blurb][et_pb_blurb image=&#8221;https:\/\/pcm-pro.fr\/wp-content\/uploads\/2024\/12\/cemafroid.jpg&#8221; alt=&#8221;socotec&#8221; _builder_version=&#8221;4.25.1&#8243; _module_preset=&#8221;default&#8221; body_font=&#8221;||||||||&#8221; body_text_align=&#8221;center&#8221; body_line_height=&#8221;1.3em&#8221; max_width=&#8221;250px&#8221; module_alignment=&#8221;center&#8221; global_colors_info=&#8221;{}&#8221;]<\/p>\n<p>Qualifica\u00e7\u00e3o para o manuseamento de <strong>refrigerantes<\/strong><\/p>\n<p>[\/et_pb_blurb][et_pb_blurb image=&#8221;https:\/\/pcm-pro.fr\/wp-content\/uploads\/2024\/12\/socotec.jpg&#8221; alt=&#8221;socotec&#8221; _builder_version=&#8221;4.25.1&#8243; _module_preset=&#8221;default&#8221; body_font=&#8221;||||||||&#8221; body_text_align=&#8221;center&#8221; body_line_height=&#8221;1.3em&#8221; max_width=&#8221;250px&#8221; module_alignment=&#8221;center&#8221; global_colors_info=&#8221;{}&#8221;]<\/p>\n<p>Acredita\u00e7\u00e3o<strong> el\u00e9ctrica<\/strong> &#8211; Certifica\u00e7\u00e3o do pessoal<\/p>\n<p>[\/et_pb_blurb][et_pb_blurb image=&#8221;https:\/\/pcm-pro.fr\/wp-content\/uploads\/2024\/12\/ast.jpg&#8221; alt=&#8221;ast&#8221; _builder_version=&#8221;4.25.1&#8243; _module_preset=&#8221;default&#8221; body_font=&#8221;||||||||&#8221; body_text_align=&#8221;center&#8221; body_line_height=&#8221;1.3em&#8221; max_width=&#8221;250px&#8221; module_alignment=&#8221;center&#8221; global_colors_info=&#8221;{}&#8221;]<\/p>\n<p>Habilita\u00e7\u00e3o para <strong>movimenta\u00e7\u00e3o de cargas pesadas<\/strong> em material circulante<\/p>\n<p>[\/et_pb_blurb][et_pb_blurb image=&#8221;https:\/\/pcm-pro.fr\/wp-content\/uploads\/2024\/12\/AVGP.jpg&#8221; alt=&#8221;AVGP&#8221; _builder_version=&#8221;4.25.1&#8243; _module_preset=&#8221;default&#8221; body_font=&#8221;||||||||&#8221; body_text_align=&#8221;center&#8221; body_line_height=&#8221;1.3em&#8221; max_width=&#8221;250px&#8221; module_alignment=&#8221;center&#8221; global_colors_info=&#8221;{}&#8221;]<\/p>\n<p><strong>Inspe\u00e7\u00e3o do<\/strong> equipamento de manuseamento<\/p>\n<p>[\/et_pb_blurb][et_pb_blurb image=&#8221;https:\/\/pcm-pro.fr\/wp-content\/uploads\/2024\/12\/cofrac.jpg&#8221; alt=&#8221;cofrac&#8221; _builder_version=&#8221;4.25.1&#8243; _module_preset=&#8221;default&#8221; body_font=&#8221;||||||||&#8221; body_text_align=&#8221;center&#8221; body_line_height=&#8221;1.3em&#8221; max_width=&#8221;350px&#8221; module_alignment=&#8221;center&#8221; global_colors_info=&#8221;{}&#8221;]<\/p>\n<p><strong>Verifica\u00e7\u00e3o e calibra\u00e7\u00e3o<\/strong> do equipamento<\/p>\n<p>[\/et_pb_blurb][\/et_pb_column][\/et_pb_row][\/et_pb_section][et_pb_section fb_built=&#8221;1&#8243; admin_label=&#8221;section&#8221; _builder_version=&#8221;4.27.4&#8243; background_color=&#8221;#E9F2F3&#8243; custom_padding=&#8221;95px||||false|false&#8221; global_colors_info=&#8221;{}&#8221;][et_pb_row admin_label=&#8221;rema&#8221; _builder_version=&#8221;4.25.1&#8243; background_size=&#8221;initial&#8221; background_position=&#8221;top_left&#8221; background_repeat=&#8221;repeat&#8221; width=&#8221;90%&#8221; global_colors_info=&#8221;{}&#8221;][et_pb_column type=&#8221;4_4&#8243; _builder_version=&#8221;4.16&#8243; custom_padding=&#8221;|||&#8221; pac_dcm_carousel_specific_module_num=&#8221;0&#8243; global_colors_info=&#8221;{}&#8221; custom_padding__hover=&#8221;|||&#8221;][et_pb_text admin_label=&#8221;Text&#8221; _builder_version=&#8221;4.25.1&#8243; header_2_font=&#8221;|700||on|||||&#8221; header_2_text_align=&#8221;center&#8221; background_size=&#8221;initial&#8221; background_position=&#8221;top_left&#8221; background_repeat=&#8221;repeat&#8221; global_colors_info=&#8221;{}&#8221;]<\/p>\n<h2>A HSE no centro da PCM<\/h2>\n<\/p>\n<p>[\/et_pb_text][et_pb_text _builder_version=&#8221;4.25.1&#8243; _module_preset=&#8221;default&#8221; text_orientation=&#8221;center&#8221; global_colors_info=&#8221;{}&#8221;]<\/p>\n<p>Os 12 anos que pass\u00e1mos ao servi\u00e7o de uma multinacional francesa do sector da restaura\u00e7\u00e3o permitiram-nos p\u00f4r em pr\u00e1tica um certo n\u00famero de iniciativas importantes em mat\u00e9ria de seguran\u00e7a e de forma\u00e7\u00e3o, a come\u00e7ar pela introdu\u00e7\u00e3o de <strong>equipamentos de prote\u00e7\u00e3o individual<\/strong>, <strong>visitas regulares ao servi\u00e7o de medicina do trabalho<\/strong> e a atualiza\u00e7\u00e3o do <strong>documento \u00fanico de avalia\u00e7\u00e3o dos riscos profissionais<\/strong>.<\/p>\n<p>A filosofia da nossa empresa assenta em <strong>valores fundamentais<\/strong>, pilares da nossa identidade e dos nossos compromissos:<\/p>\n<p>[\/et_pb_text][\/et_pb_column][\/et_pb_row][\/et_pb_section][et_pb_section fb_built=&#8221;1&#8243; admin_label=&#8221;section&#8221; _builder_version=&#8221;4.27.4&#8243; background_color=&#8221;#E9F2F3&#8243; use_background_color_gradient=&#8221;on&#8221; background_color_gradient_direction=&#8221;270deg&#8221; background_color_gradient_stops=&#8221;#173054 26%|rgba(255,255,255,0) 26%&#8221; custom_padding=&#8221;0px||0px|||&#8221; background_last_edited=&#8221;on|tablet&#8221; use_background_color_gradient_tablet=&#8221;off&#8221; global_colors_info=&#8221;{}&#8221;][et_pb_row column_structure=&#8221;1_4,1_4,1_4,1_4&#8243; use_custom_gutter=&#8221;on&#8221; gutter_width=&#8221;2&#8243; _builder_version=&#8221;4.25.1&#8243; _module_preset=&#8221;default&#8221; width=&#8221;90%&#8221; max_width=&#8221;1529px&#8221; custom_padding=&#8221;0px||0px|||&#8221; global_colors_info=&#8221;{}&#8221;][et_pb_column type=&#8221;1_4&#8243; _builder_version=&#8221;4.25.1&#8243; _module_preset=&#8221;default&#8221; custom_padding=&#8221;30px|20px|30px|0px|true|false&#8221; pac_dcm_carousel_specific_module_num=&#8221;0&#8243; global_colors_info=&#8221;{}&#8221;][et_pb_blurb title=&#8221;Qualidade e desempenho&#8221; use_icon=&#8221;on&#8221; font_icon=&#8221;&#xf559;||fa||900&#8243; image_icon_width=&#8221;40px&#8221; icon_alignment=&#8221;left&#8221; _builder_version=&#8221;4.25.1&#8243; _module_preset=&#8221;default&#8221; header_level=&#8221;h3&#8243; header_font=&#8221;|700|||||||&#8221; header_line_height=&#8221;1.3em&#8221; body_ul_type=&#8221;square&#8221; body_ul_item_indent=&#8221;19px&#8221; body_ul_line_height=&#8221;1.6em&#8221; global_colors_info=&#8221;{}&#8221;]<\/p>\n<ul>\n<li>Satisfa\u00e7\u00e3o do cliente gra\u00e7as \u00e0 <strong>conformidade dos trabalhos<\/strong> e ao <strong>respeito dos prazos<\/strong><\/li>\n<li>Viabilidade a longo prazo da empresa atrav\u00e9s do <strong>desenvolvimento de capacidades<\/strong><\/li>\n<li>Desenvolver as <strong>compet\u00eancias<\/strong> e <strong>o profissionalismo<\/strong> das nossas equipas<\/li>\n<\/ul>\n<p>[\/et_pb_blurb][\/et_pb_column][et_pb_column type=&#8221;1_4&#8243; _builder_version=&#8221;4.25.1&#8243; _module_preset=&#8221;default&#8221; custom_padding=&#8221;30px|20px|30px|0px|true|false&#8221; pac_dcm_carousel_specific_module_num=&#8221;0&#8243; global_colors_info=&#8221;{}&#8221;][et_pb_blurb title=&#8221;Ambiente&#8221; use_icon=&#8221;on&#8221; font_icon=&#8221;&#xf299;||fa||400&#8243; image_icon_width=&#8221;40px&#8221; icon_alignment=&#8221;left&#8221; _builder_version=&#8221;4.25.1&#8243; _module_preset=&#8221;default&#8221; header_level=&#8221;h3&#8243; header_font=&#8221;|700|||||||&#8221; header_line_height=&#8221;1.3em&#8221; body_ul_type=&#8221;square&#8221; body_ul_item_indent=&#8221;19px&#8221; body_ul_line_height=&#8221;1.6em&#8221; global_colors_info=&#8221;{}&#8221;]<\/p>\n<ul>\n<li>Reduzir, selecionar e reciclar <strong>os res\u00edduos<\/strong><\/li>\n<li><strong>Limitar o impacto<\/strong> ambiental (consumo de energia, perturba\u00e7\u00f5es, polui\u00e7\u00e3o)<\/li>\n<li><strong>Preserva\u00e7\u00e3o dos recursos<\/strong> naturais e forma\u00e7\u00e3o em boas pr\u00e1ticas ambientais<\/li>\n<\/ul>\n<p>[\/et_pb_blurb][\/et_pb_column][et_pb_column type=&#8221;1_4&#8243; _builder_version=&#8221;4.25.1&#8243; _module_preset=&#8221;default&#8221; custom_padding=&#8221;30px|20px|30px|0px|true|false&#8221; pac_dcm_carousel_specific_module_num=&#8221;0&#8243; global_colors_info=&#8221;{}&#8221;][et_pb_blurb title=&#8221;Sa\u00fade e seguran\u00e7a&#8221; use_icon=&#8221;on&#8221; font_icon=&#8221;&#xf0fa;||fa||900&#8243; image_icon_width=&#8221;40px&#8221; icon_alignment=&#8221;left&#8221; _builder_version=&#8221;4.25.1&#8243; _module_preset=&#8221;default&#8221; header_level=&#8221;h3&#8243; header_font=&#8221;|700|||||||&#8221; header_line_height=&#8221;1.3em&#8221; body_ul_type=&#8221;square&#8221; body_ul_item_indent=&#8221;19px&#8221; body_ul_line_height=&#8221;1.6em&#8221; global_colors_info=&#8221;{}&#8221;]<\/p>\n<ul>\n<li><strong>Cumprimento da legisla\u00e7\u00e3o<\/strong> e avalia\u00e7\u00e3o dos riscos profissionais<\/li>\n<li><strong>Preven\u00e7\u00e3o<\/strong> de riscos (seguran\u00e7a rodovi\u00e1ria, trabalho em altura)<\/li>\n<li>Melhoria das <strong>condi\u00e7\u00f5es de trabalho<\/strong> e <strong>acompanhamento m\u00e9dico<\/strong> adequado dos trabalhadores<\/li>\n<\/ul>\n<p>[\/et_pb_blurb][\/et_pb_column][et_pb_column type=&#8221;1_4&#8243; _builder_version=&#8221;4.25.1&#8243; _module_preset=&#8221;default&#8221; background_color=&#8221;#173054&#8243; custom_padding=&#8221;30px|0px|30px|40px|true|false&#8221; custom_padding_tablet=&#8221;30px|0px|30px|40px|true|false&#8221; custom_padding_phone=&#8221;30px|0px|30px|20px|true|false&#8221; custom_padding_last_edited=&#8221;on|phone&#8221; pac_dcm_carousel_specific_module_num=&#8221;0&#8243; box_shadow_style=&#8221;preset4&#8243; box_shadow_horizontal=&#8221;300px&#8221; box_shadow_vertical=&#8221;0px&#8221; box_shadow_color=&#8221;#173054&#8243; global_colors_info=&#8221;{}&#8221;][et_pb_blurb title=&#8221;A nossa pol\u00edtica desde 2013&#8243; use_icon=&#8221;on&#8221; font_icon=&#8221;&#xf0ae;||fa||900&#8243; icon_color=&#8221;#FFFFFF&#8221; image_icon_width=&#8221;40px&#8221; icon_alignment=&#8221;left&#8221; _builder_version=&#8221;4.25.1&#8243; _module_preset=&#8221;default&#8221; header_level=&#8221;h3&#8243; header_font=&#8221;|700|||||||&#8221; header_text_color=&#8221;#FFFFFF&#8221; header_line_height=&#8221;1.3em&#8221; body_text_color=&#8221;#FFFFFF&#8221; body_ul_type=&#8221;square&#8221; body_ul_item_indent=&#8221;19px&#8221; body_ul_line_height=&#8221;1.6em&#8221; global_colors_info=&#8221;{}&#8221;]<\/p>\n<ul>\n<li><strong>Manter os locais limpos<\/strong> e melhorar <strong>a qualidade de vida no trabalho<\/strong><\/li>\n<li>Antecipar projectos para <strong>aumentar a competitividade<\/strong> e otimizar <strong>a satisfa\u00e7\u00e3o dos clientes<\/strong><\/li>\n<li><strong>Apoiar os subcontratantes<\/strong> no cumprimento dos requisitos de seguran\u00e7a e ambientais<\/li>\n<li><strong>Tirar partido do feedback<\/strong> para promover o progresso em toda a linha<\/li>\n<\/ul>\n<p>[\/et_pb_blurb][\/et_pb_column][\/et_pb_row][\/et_pb_section][et_pb_section fb_built=&#8221;1&#8243; admin_label=&#8221;section&#8221; _builder_version=&#8221;4.16&#8243; global_colors_info=&#8221;{}&#8221;][et_pb_row admin_label=&#8221;rema&#8221; _builder_version=&#8221;4.25.1&#8243; background_size=&#8221;initial&#8221; background_position=&#8221;top_left&#8221; background_repeat=&#8221;repeat&#8221; width=&#8221;90%&#8221; custom_padding=&#8221;||10px|||&#8221; global_colors_info=&#8221;{}&#8221;][et_pb_column type=&#8221;4_4&#8243; _builder_version=&#8221;4.16&#8243; custom_padding=&#8221;|||&#8221; pac_dcm_carousel_specific_module_num=&#8221;0&#8243; global_colors_info=&#8221;{}&#8221; custom_padding__hover=&#8221;|||&#8221;][et_pb_text admin_label=&#8221;Text&#8221; _builder_version=&#8221;4.25.1&#8243; header_2_font=&#8221;|700||on|||||&#8221; header_2_text_align=&#8221;center&#8221; background_size=&#8221;initial&#8221; background_position=&#8221;top_left&#8221; background_repeat=&#8221;repeat&#8221; global_colors_info=&#8221;{}&#8221;]<\/p>\n<h2>As nossas realiza\u00e7\u00f5es<\/h2>\n<\/p>\n<p>[\/et_pb_text][\/et_pb_column][\/et_pb_row][et_pb_row use_custom_gutter=&#8221;on&#8221; gutter_width=&#8221;2&#8243; _builder_version=&#8221;4.27.4&#8243; _module_preset=&#8221;default&#8221; width_tablet=&#8221;&#8221; width_phone=&#8221;90%&#8221; width_last_edited=&#8221;on|phone&#8221; global_colors_info=&#8221;{}&#8221;][et_pb_column type=&#8221;4_4&#8243; _builder_version=&#8221;4.25.1&#8243; _module_preset=&#8221;default&#8221; pac_dcm_carousel_specific_module_num=&#8221;0&#8243; global_colors_info=&#8221;{}&#8221;][et_pb_portfolio fullwidth=&#8221;off&#8221; posts_number=&#8221;4&#8243; include_categories=&#8221;all&#8221; show_categories=&#8221;off&#8221; show_pagination=&#8221;off&#8221; zoom_icon_color=&#8221;RGBA(255,255,255,0)&#8221; hover_overlay_color=&#8221;rgba(255,255,255,0.49)&#8221; _builder_version=&#8221;4.27.4&#8243; _module_preset=&#8221;default&#8221; title_level=&#8221;h3&#8243; title_font=&#8221;|600|||||||&#8221; title_font_size=&#8221;19px&#8221; title_line_height=&#8221;1.2em&#8221; custom_css_portfolio_image=&#8221;margin-bottom:20px;&#8221; global_colors_info=&#8221;{}&#8221;][\/et_pb_portfolio][et_pb_button button_url=&#8221;https:\/\/pcm-pro.fr\/pt-pt\/realizacoes\/&#8221; button_text=&#8221;Todos os nossos projectos&#8221; button_alignment=&#8221;center&#8221; _builder_version=&#8221;4.27.4&#8243; _module_preset=&#8221;default&#8221; hover_enabled=&#8221;0&#8243; global_colors_info=&#8221;{}&#8221; sticky_enabled=&#8221;0&#8243;][\/et_pb_button][\/et_pb_column][\/et_pb_row][\/et_pb_section][et_pb_section fb_built=&#8221;1&#8243; _builder_version=&#8221;4.25.1&#8243; _module_preset=&#8221;default&#8221; locked=&#8221;off&#8221; global_colors_info=&#8221;{}&#8221;][et_pb_row admin_label=&#8221;rema&#8221; _builder_version=&#8221;4.25.1&#8243; background_size=&#8221;initial&#8221; background_position=&#8221;top_left&#8221; background_repeat=&#8221;repeat&#8221; width=&#8221;90%&#8221; global_colors_info=&#8221;{}&#8221;][et_pb_column type=&#8221;4_4&#8243; _builder_version=&#8221;4.16&#8243; custom_padding=&#8221;|||&#8221; pac_dcm_carousel_specific_module_num=&#8221;0&#8243; global_colors_info=&#8221;{}&#8221; custom_padding__hover=&#8221;|||&#8221;][et_pb_text admin_label=&#8221;Text&#8221; _builder_version=&#8221;4.25.1&#8243; header_2_font=&#8221;|700||on|||||&#8221; header_2_text_align=&#8221;center&#8221; background_size=&#8221;initial&#8221; background_position=&#8221;top_left&#8221; background_repeat=&#8221;repeat&#8221; global_colors_info=&#8221;{}&#8221;]<\/p>\n<h2>Os nossos clientes<\/h2>\n<\/p>\n<p>[\/et_pb_text][\/et_pb_column][\/et_pb_row][et_pb_row _builder_version=&#8221;4.25.1&#8243; _module_preset=&#8221;default&#8221; width=&#8221;90%&#8221; max_width=&#8221;1507px&#8221; locked=&#8221;off&#8221; global_colors_info=&#8221;{}&#8221;][et_pb_column type=&#8221;4_4&#8243; _builder_version=&#8221;4.25.1&#8243; _module_preset=&#8221;default&#8221; pac_dcm_is_carousel=&#8221;on&#8221; pac_dcm_carousel_row_items=&#8221;5&#8243; pac_dcm_carousel_row_items_vertical_allign=&#8221;bottom&#8221; pac_dcm_carousel_row_items_margin=&#8221;0px|20px|0px|20px|true|true&#8221; pac_dcm_carousel_row_items_padding=&#8221;|10px||10px|false|true&#8221; pac_dcm_carousel_specific_module_num=&#8221;0&#8243; pac_dcm_carousel_navigation_arrows_background_color=&#8221;RGBA(255,255,255,0)&#8221; pac_dcm_carousel_navigation_arrows_color=&#8221;#173054&#8243; pac_dcm_carousel_navigation_dots=&#8221;off&#8221; global_colors_info=&#8221;{}&#8221; pac_dcm_carousel_row_items_last_edited=&#8221;on|phone&#8221; pac_dcm_carousel_row_items_tablet=&#8221;3&#8243; pac_dcm_carousel_row_items_phone=&#8221;2&#8243;][et_pb_image src=&#8221;https:\/\/pcm-pro.fr\/wp-content\/uploads\/2024\/12\/Naval-group.jpg&#8221; alt=&#8221;Grupo naval&#8221; align=&#8221;center&#8221; _builder_version=&#8221;4.25.1&#8243; _module_preset=&#8221;default&#8221; max_width=&#8221;232px&#8221; module_alignment=&#8221;center&#8221; global_colors_info=&#8221;{}&#8221;][\/et_pb_image][et_pb_image src=&#8221;https:\/\/pcm-pro.fr\/wp-content\/uploads\/2024\/12\/Chantiers-de-l-atlantique.jpg&#8221; alt=&#8221;Chantiers-de-l-atlantique&#8221; align=&#8221;center&#8221; _builder_version=&#8221;4.25.1&#8243; _module_preset=&#8221;default&#8221; max_width=&#8221;262px&#8221; module_alignment=&#8221;center&#8221; global_colors_info=&#8221;{}&#8221;][\/et_pb_image][et_pb_image src=&#8221;https:\/\/pcm-pro.fr\/wp-content\/uploads\/2024\/12\/CNN-MCO.jpg&#8221; alt=&#8221;CNN-MCO&#8221; align=&#8221;center&#8221; _builder_version=&#8221;4.25.1&#8243; _module_preset=&#8221;default&#8221; max_width=&#8221;262px&#8221; module_alignment=&#8221;center&#8221; global_colors_info=&#8221;{}&#8221;][\/et_pb_image][et_pb_image src=&#8221;https:\/\/pcm-pro.fr\/wp-content\/uploads\/2024\/12\/Clemessy.jpg&#8221; alt=&#8221;Clemessy&#8221; align=&#8221;center&#8221; _builder_version=&#8221;4.25.1&#8243; _module_preset=&#8221;default&#8221; max_width=&#8221;262px&#8221; module_alignment=&#8221;center&#8221; global_colors_info=&#8221;{}&#8221;][\/et_pb_image][et_pb_image src=&#8221;https:\/\/pcm-pro.fr\/wp-content\/uploads\/2024\/12\/tiger-work-box.jpg&#8221; alt=&#8221;caixa de trabalho-tigre&#8221; align=&#8221;center&#8221; _builder_version=&#8221;4.25.1&#8243; _module_preset=&#8221;default&#8221; max_width=&#8221;262px&#8221; module_alignment=&#8221;center&#8221; global_colors_info=&#8221;{}&#8221;][\/et_pb_image][et_pb_image src=&#8221;https:\/\/pcm-pro.fr\/wp-content\/uploads\/2024\/12\/baltic-yachts.jpg&#8221; alt=&#8221;iates do b\u00e1ltico&#8221; align=&#8221;center&#8221; _builder_version=&#8221;4.25.1&#8243; _module_preset=&#8221;default&#8221; max_width=&#8221;262px&#8221; module_alignment=&#8221;center&#8221; global_colors_info=&#8221;{}&#8221;][\/et_pb_image][et_pb_image src=&#8221;https:\/\/pcm-pro.fr\/wp-content\/uploads\/2024\/12\/TCSI.jpg&#8221; alt=&#8221;TCSI&#8221; align=&#8221;center&#8221; _builder_version=&#8221;4.25.1&#8243; _module_preset=&#8221;default&#8221; max_width=&#8221;262px&#8221; module_alignment=&#8221;center&#8221; global_colors_info=&#8221;{}&#8221;][\/et_pb_image][\/et_pb_column][\/et_pb_row][\/et_pb_section]<\/p>\n","protected":false},"excerpt":{"rendered":"<p>Utilizado em navios de guerra, navios mercantes, plataformas petrol\u00edferas, barcos \u00e0 vela, iates e cozinhas de contentores.Utilizado em navios de guerra, navios mercantes, plataformas petrol\u00edferas, barcos \u00e0 vela, iates e cozinhas de contentores.A PCM-PRO efectua todos os estudos preparat\u00f3rios internamente, utilizando software 3D e Autocad&#8230; L\u00ea maisO nosso gabinete de estudos est\u00e1 a repensar o [&hellip;]<\/p>\n","protected":false},"author":1,"featured_media":0,"parent":0,"menu_order":0,"comment_status":"closed","ping_status":"open","template":"","meta":{"_et_pb_use_builder":"on","_et_pb_old_content":"","_et_gb_content_width":"","footnotes":""},"class_list":["post-646","page","type-page","status-publish","hentry"],"yoast_head":"<!-- This site is optimized with the Yoast SEO plugin v26.7 - https:\/\/yoast.com\/wordpress\/plugins\/seo\/ -->\n<title>PCM PRO: fabricante de cozinhas em a\u00e7o inoxid\u00e1vel para o sector mar\u00edtimo<\/title>\n<meta name=\"description\" content=\"A PCM PRO concebe cozinhas em a\u00e7o inoxid\u00e1vel \u00e0 medida para utiliza\u00e7\u00e3o em navios de guerra, navios mercantes, iates, contentores, etc.\" \/>\n<meta name=\"robots\" content=\"index, follow, max-snippet:-1, max-image-preview:large, max-video-preview:-1\" \/>\n<link rel=\"canonical\" href=\"https:\/\/pcm-pro.fr\/pt-pt\/\" \/>\n<meta property=\"og:locale\" content=\"pt_PT\" \/>\n<meta property=\"og:type\" content=\"article\" \/>\n<meta property=\"og:title\" content=\"PCM PRO: fabricante de cozinhas em a\u00e7o inoxid\u00e1vel para o sector mar\u00edtimo\" \/>\n<meta property=\"og:description\" content=\"A PCM PRO concebe cozinhas em a\u00e7o inoxid\u00e1vel \u00e0 medida para utiliza\u00e7\u00e3o em navios de guerra, navios mercantes, iates, contentores, etc.\" \/>\n<meta property=\"og:url\" content=\"https:\/\/pcm-pro.fr\/pt-pt\/\" \/>\n<meta property=\"og:site_name\" content=\"PCM PRO\" \/>\n<meta property=\"article:modified_time\" content=\"2025-01-15T20:22:59+00:00\" \/>\n<meta name=\"twitter:card\" content=\"summary_large_image\" \/>\n<meta name=\"twitter:label1\" content=\"Tempo estimado de leitura\" \/>\n\t<meta name=\"twitter:data1\" content=\"19 minutos\" \/>\n<script type=\"application\/ld+json\" class=\"yoast-schema-graph\">{\"@context\":\"https:\/\/schema.org\",\"@graph\":[{\"@type\":\"WebPage\",\"@id\":\"https:\/\/pcm-pro.fr\/pt-pt\/\",\"url\":\"https:\/\/pcm-pro.fr\/pt-pt\/\",\"name\":\"PCM PRO: fabricante de cozinhas em a\u00e7o inoxid\u00e1vel para o sector mar\u00edtimo\",\"isPartOf\":{\"@id\":\"https:\/\/pcm-pro.fr\/pt-pt\/#website\"},\"datePublished\":\"2023-03-20T08:28:21+00:00\",\"dateModified\":\"2025-01-15T20:22:59+00:00\",\"description\":\"A PCM PRO concebe cozinhas em a\u00e7o inoxid\u00e1vel \u00e0 medida para utiliza\u00e7\u00e3o em navios de guerra, navios mercantes, iates, contentores, etc.\",\"breadcrumb\":{\"@id\":\"https:\/\/pcm-pro.fr\/pt-pt\/#breadcrumb\"},\"inLanguage\":\"pt-PT\",\"potentialAction\":[{\"@type\":\"ReadAction\",\"target\":[\"https:\/\/pcm-pro.fr\/pt-pt\/\"]}]},{\"@type\":\"BreadcrumbList\",\"@id\":\"https:\/\/pcm-pro.fr\/pt-pt\/#breadcrumb\",\"itemListElement\":[{\"@type\":\"ListItem\",\"position\":1,\"name\":\"Accueil\",\"item\":\"https:\/\/pcm-pro.fr\/pt-pt\/\"},{\"@type\":\"ListItem\",\"position\":2,\"name\":\"Casa\"}]},{\"@type\":\"WebSite\",\"@id\":\"https:\/\/pcm-pro.fr\/pt-pt\/#website\",\"url\":\"https:\/\/pcm-pro.fr\/pt-pt\/\",\"name\":\"PCM PRO\",\"description\":\"Cr\u00e9ation de cuisines sur mesure dans le domaine maritime\",\"potentialAction\":[{\"@type\":\"SearchAction\",\"target\":{\"@type\":\"EntryPoint\",\"urlTemplate\":\"https:\/\/pcm-pro.fr\/pt-pt\/?s={search_term_string}\"},\"query-input\":{\"@type\":\"PropertyValueSpecification\",\"valueRequired\":true,\"valueName\":\"search_term_string\"}}],\"inLanguage\":\"pt-PT\"}]}<\/script>\n<!-- \/ Yoast SEO plugin. -->","yoast_head_json":{"title":"PCM PRO: fabricante de cozinhas em a\u00e7o inoxid\u00e1vel para o sector mar\u00edtimo","description":"A PCM PRO concebe cozinhas em a\u00e7o inoxid\u00e1vel \u00e0 medida para utiliza\u00e7\u00e3o em navios de guerra, navios mercantes, iates, contentores, etc.","robots":{"index":"index","follow":"follow","max-snippet":"max-snippet:-1","max-image-preview":"max-image-preview:large","max-video-preview":"max-video-preview:-1"},"canonical":"https:\/\/pcm-pro.fr\/pt-pt\/","og_locale":"pt_PT","og_type":"article","og_title":"PCM PRO: fabricante de cozinhas em a\u00e7o inoxid\u00e1vel para o sector mar\u00edtimo","og_description":"A PCM PRO concebe cozinhas em a\u00e7o inoxid\u00e1vel \u00e0 medida para utiliza\u00e7\u00e3o em navios de guerra, navios mercantes, iates, contentores, etc.","og_url":"https:\/\/pcm-pro.fr\/pt-pt\/","og_site_name":"PCM PRO","article_modified_time":"2025-01-15T20:22:59+00:00","twitter_card":"summary_large_image","twitter_misc":{"Tempo estimado de leitura":"19 minutos"},"schema":{"@context":"https:\/\/schema.org","@graph":[{"@type":"WebPage","@id":"https:\/\/pcm-pro.fr\/pt-pt\/","url":"https:\/\/pcm-pro.fr\/pt-pt\/","name":"PCM PRO: fabricante de cozinhas em a\u00e7o inoxid\u00e1vel para o sector mar\u00edtimo","isPartOf":{"@id":"https:\/\/pcm-pro.fr\/pt-pt\/#website"},"datePublished":"2023-03-20T08:28:21+00:00","dateModified":"2025-01-15T20:22:59+00:00","description":"A PCM PRO concebe cozinhas em a\u00e7o inoxid\u00e1vel \u00e0 medida para utiliza\u00e7\u00e3o em navios de guerra, navios mercantes, iates, contentores, etc.","breadcrumb":{"@id":"https:\/\/pcm-pro.fr\/pt-pt\/#breadcrumb"},"inLanguage":"pt-PT","potentialAction":[{"@type":"ReadAction","target":["https:\/\/pcm-pro.fr\/pt-pt\/"]}]},{"@type":"BreadcrumbList","@id":"https:\/\/pcm-pro.fr\/pt-pt\/#breadcrumb","itemListElement":[{"@type":"ListItem","position":1,"name":"Accueil","item":"https:\/\/pcm-pro.fr\/pt-pt\/"},{"@type":"ListItem","position":2,"name":"Casa"}]},{"@type":"WebSite","@id":"https:\/\/pcm-pro.fr\/pt-pt\/#website","url":"https:\/\/pcm-pro.fr\/pt-pt\/","name":"PCM PRO","description":"Cr\u00e9ation de cuisines sur mesure dans le domaine maritime","potentialAction":[{"@type":"SearchAction","target":{"@type":"EntryPoint","urlTemplate":"https:\/\/pcm-pro.fr\/pt-pt\/?s={search_term_string}"},"query-input":{"@type":"PropertyValueSpecification","valueRequired":true,"valueName":"search_term_string"}}],"inLanguage":"pt-PT"}]}},"_links":{"self":[{"href":"https:\/\/pcm-pro.fr\/pt-pt\/wp-json\/wp\/v2\/pages\/646","targetHints":{"allow":["GET"]}}],"collection":[{"href":"https:\/\/pcm-pro.fr\/pt-pt\/wp-json\/wp\/v2\/pages"}],"about":[{"href":"https:\/\/pcm-pro.fr\/pt-pt\/wp-json\/wp\/v2\/types\/page"}],"author":[{"embeddable":true,"href":"https:\/\/pcm-pro.fr\/pt-pt\/wp-json\/wp\/v2\/users\/1"}],"replies":[{"embeddable":true,"href":"https:\/\/pcm-pro.fr\/pt-pt\/wp-json\/wp\/v2\/comments?post=646"}],"version-history":[{"count":15,"href":"https:\/\/pcm-pro.fr\/pt-pt\/wp-json\/wp\/v2\/pages\/646\/revisions"}],"predecessor-version":[{"id":817,"href":"https:\/\/pcm-pro.fr\/pt-pt\/wp-json\/wp\/v2\/pages\/646\/revisions\/817"}],"wp:attachment":[{"href":"https:\/\/pcm-pro.fr\/pt-pt\/wp-json\/wp\/v2\/media?parent=646"}],"curies":[{"name":"wp","href":"https:\/\/api.w.org\/{rel}","templated":true}]}}